{"id":6,"date":"2015-03-21T18:46:17","date_gmt":"2015-03-21T17:46:17","guid":{"rendered":"http:\/\/jahrgang-66.de\/?page_id=6"},"modified":"2019-07-10T01:10:38","modified_gmt":"2019-07-09T23:10:38","slug":"50er-fest-2","status":"publish","type":"page","link":"https:\/\/jahrgang-66.de\/?page_id=6","title":{"rendered":"50er Fest"},"content":{"rendered":"<h1><strong>Born in SIXTY SIX, uns bremst nix!<\/strong><\/h1>\n<p>\u00a0<\/p>\n<p style=\"text-align: left;\">lautete unser Motto f\u00fcr unser<strong> Spaichinger 50er Fest<\/strong> vom 15. &#8211; 19. Juli 2016, an das wir gerne zur\u00fcckdenken.<\/p>\n<p style=\"text-align: left;\">Alle Jahrg\u00e4ngerinnen und Jahrg\u00e4nger, egal ob 1966 in Spaichingen geboren, aufgewachsen, hiergeblieben, weggezogen und sp\u00e4ter wieder hergezogen oder reingschmeckt (Hochdeutsch: zugezogen, Neusprech: mit Migrationshintergrund), waren aufgerufen und eingeladen worden, mitzumachen und &#8211; wie Generationen vor uns &#8211; gemeinsam im Juli 2016 das erste halbe Jahrhundert unseres Lebens zu feiern und dabei auch jenen 66ern zu gedenken, die leider nicht mehr mit uns feieren konnten.<\/p>\n<p style=\"text-align: left;\">Wir hatten den Ehrgeiz, dass <strong>mindestens 66 66er<\/strong> an unser aller Fest teilnehmen. Dieses Ziel hatten wir erreicht und so konnten 68 Jahrg\u00e4ngerinnen und Jahrg\u00e4nger mit Partnerinnen und Partnern ein unvergessliches Fest feiern. Und so wie &#8222;Linsen mit Sp\u00e4tzle und Seitenw\u00fcrstle&#8220; f\u00fcr <a href=\"https:\/\/youtu.be\/lWapLNKry-g\">\u00c4ffle und Pferdle<\/a> das gr\u00f6\u00dfte sind, so war f\u00fcr uns Spaichinger 66er unser 50er Fest mindestens nochmal so gro\u00df.<\/p>\n<p style=\"text-align: left;\">Gemeinsam mit den 60er, 70er, 80er und 90er Jubilaren hatten wir nicht nur am Festabend die Stadthalle gerockt, sondern auch sonst eine tolle Zeit in diesen 5 Tagen miteinander. Besonders gefreut hatte uns, da\u00df auch eine unserer beiden 100er Jubilarinnen am Platzkonzert der Stadtkappelle auf dem Marktplatz teilnehmen konnte.<\/p>\n<p style=\"text-align: left;\">Herzlichen Dank sagen wir allen, die uns mit Spenden oder in sonstiger Weise unterst\u00fctzt haben.<\/p>\n<p style=\"text-align: left;\">Auch f\u00fcr die Jahrg\u00e4nge nach uns gilt immer noch:<\/p>\n<p style=\"text-align: left;\"><strong>&#8222;Das Spaichingner <a href=\"https:\/\/jahrgang-66.de\/?page_id=6\" target=\"_blank\" rel=\"noopener noreferrer\">50er Fest<\/a> in seinem Lauf, halten weder Ochs noch Esel auf&#8220;<\/strong><\/p>\n<p><strong>\u00a0<\/strong><\/p>\n<h2><strong>Das war unser Programm:<\/strong><\/h2>\n<h2><strong>Freitag 15.07.2016<\/strong><\/h2>\n<p>18.00 Uhr Totengedenken in der Friedhofshalle, Gr\u00e4berbesuch. Die Angeh\u00f6rigen unserer verstorbenen Jahrg\u00e4nger waren dazu herzlich eingeladen.<\/p>\n<p>ab ca. 19.30 Uhr Treffen der Jahrg\u00e4nger (ohne Partner) im \u201e7 Wind\u201c<\/p>\n<h3><strong>Samstag 16.07.2016<\/strong><\/h3>\n<p>17.00 Uhr Jahrgangsfoto<\/p>\n<div id=\"attachment_731\" style=\"width: 430px\" class=\"wp-caption alignnone\"><a href=\"https:\/\/i0.wp.com\/jahrgang-66.de\/wp-content\/uploads\/2016\/07\/20-20160716-RM2A3319-Bearbeitet-Bearbeitet.jpg?ssl=1\"><img loading=\"lazy\" decoding=\"async\" aria-describedby=\"caption-attachment-731\" class=\"wp-image-731 size-thumbnail\" src=\"https:\/\/i0.wp.com\/jahrgang-66.de\/wp-content\/uploads\/2016\/07\/20-20160716-RM2A3319-Bearbeitet-Bearbeitet.jpg?resize=420%2C267&#038;ssl=1\" width=\"420\" height=\"267\" srcset=\"https:\/\/i0.wp.com\/jahrgang-66.de\/wp-content\/uploads\/2016\/07\/20-20160716-RM2A3319-Bearbeitet-Bearbeitet.jpg?resize=420%2C267&amp;ssl=1 420w, https:\/\/i0.wp.com\/jahrgang-66.de\/wp-content\/uploads\/2016\/07\/20-20160716-RM2A3319-Bearbeitet-Bearbeitet.jpg?resize=744%2C472&amp;ssl=1 744w, https:\/\/i0.wp.com\/jahrgang-66.de\/wp-content\/uploads\/2016\/07\/20-20160716-RM2A3319-Bearbeitet-Bearbeitet.jpg?resize=768%2C488&amp;ssl=1 768w, https:\/\/i0.wp.com\/jahrgang-66.de\/wp-content\/uploads\/2016\/07\/20-20160716-RM2A3319-Bearbeitet-Bearbeitet.jpg?resize=1200%2C762&amp;ssl=1 1200w, https:\/\/i0.wp.com\/jahrgang-66.de\/wp-content\/uploads\/2016\/07\/20-20160716-RM2A3319-Bearbeitet-Bearbeitet.jpg?w=2048&amp;ssl=1 2048w\" sizes=\"auto, (max-width: 420px) 100vw, 420px\" data-recalc-dims=\"1\" \/><\/a><p id=\"caption-attachment-731\" class=\"wp-caption-text\">Jubilare<\/p><\/div>\n<p>18.00 Uhr Sektempfang in der Stadthalle<\/p>\n<p>19.00 Uhr Heimatabend mit buntem Programm und Tanz mit der Band \u201eIntakt\u201c aus Rottweil<\/p>\n<div id=\"attachment_736\" style=\"width: 430px\" class=\"wp-caption alignnone\"><a href=\"https:\/\/i0.wp.com\/jahrgang-66.de\/wp-content\/uploads\/2016\/07\/272-20160716-RM2A3715.jpg?ssl=1\"><img loading=\"lazy\" decoding=\"async\" aria-describedby=\"caption-attachment-736\" class=\"wp-image-736 size-thumbnail\" src=\"https:\/\/i0.wp.com\/jahrgang-66.de\/wp-content\/uploads\/2016\/07\/272-20160716-RM2A3715.jpg?resize=420%2C280&#038;ssl=1\" alt=\"272-20160716-RM2A3715\" width=\"420\" height=\"280\" srcset=\"https:\/\/i0.wp.com\/jahrgang-66.de\/wp-content\/uploads\/2016\/07\/272-20160716-RM2A3715.jpg?resize=420%2C280&amp;ssl=1 420w, https:\/\/i0.wp.com\/jahrgang-66.de\/wp-content\/uploads\/2016\/07\/272-20160716-RM2A3715.jpg?resize=744%2C496&amp;ssl=1 744w, https:\/\/i0.wp.com\/jahrgang-66.de\/wp-content\/uploads\/2016\/07\/272-20160716-RM2A3715.jpg?resize=768%2C512&amp;ssl=1 768w, https:\/\/i0.wp.com\/jahrgang-66.de\/wp-content\/uploads\/2016\/07\/272-20160716-RM2A3715.jpg?resize=1200%2C800&amp;ssl=1 1200w, https:\/\/i0.wp.com\/jahrgang-66.de\/wp-content\/uploads\/2016\/07\/272-20160716-RM2A3715.jpg?w=2048&amp;ssl=1 2048w\" sizes=\"auto, (max-width: 420px) 100vw, 420px\" data-recalc-dims=\"1\" \/><\/a><p id=\"caption-attachment-736\" class=\"wp-caption-text\">Jahrgangsausschu\u00df nach gelungenem Auftritt<\/p><\/div>\n<h3><strong>Sonntag 17.07.2016<\/strong><\/h3>\n<p>14.30 Uhr \u00dcbergabe unseres <a href=\"https:\/\/jahrgang-66.de\/?page_id=137\" target=\"_blank\" rel=\"noopener noreferrer\">Projektes 2016<\/a> an das <a href=\"http:\/\/www.hospiz-am-dreifaltigkeitsberg.de\">Hospiz am Dreifaltigkeitsberg<\/a><\/p>\n<p>17.00 Uhr Platzkonzert auf dem Marktplatz, anschlie\u00dfend \u201ebunter Abend\u201c im Hotel Kreuz mit DJ<\/p>\n<h3><strong>Montag 18.07.2016<\/strong><\/h3>\n<p>08.30 Uhr Abfahrt mit dem Bus auf den Dreifaltigkeitsberg<\/p>\n<p>09.30 Uhr \u00f6kumenischer Festgottesdienst<\/p>\n<div id=\"attachment_692\" style=\"width: 430px\" class=\"wp-caption alignnone\"><a href=\"https:\/\/i0.wp.com\/jahrgang-66.de\/wp-content\/uploads\/2016\/07\/DSC5473.jpg?ssl=1\"><img loading=\"lazy\" decoding=\"async\" aria-describedby=\"caption-attachment-692\" class=\"wp-image-692 size-thumbnail\" src=\"https:\/\/i0.wp.com\/jahrgang-66.de\/wp-content\/uploads\/2016\/07\/DSC5473.jpg?resize=420%2C279&#038;ssl=1\" alt=\"SONY DSC\" width=\"420\" height=\"279\" srcset=\"https:\/\/i0.wp.com\/jahrgang-66.de\/wp-content\/uploads\/2016\/07\/DSC5473.jpg?resize=420%2C279&amp;ssl=1 420w, https:\/\/i0.wp.com\/jahrgang-66.de\/wp-content\/uploads\/2016\/07\/DSC5473.jpg?resize=744%2C494&amp;ssl=1 744w, https:\/\/i0.wp.com\/jahrgang-66.de\/wp-content\/uploads\/2016\/07\/DSC5473.jpg?resize=768%2C510&amp;ssl=1 768w, https:\/\/i0.wp.com\/jahrgang-66.de\/wp-content\/uploads\/2016\/07\/DSC5473.jpg?resize=1200%2C797&amp;ssl=1 1200w, https:\/\/i0.wp.com\/jahrgang-66.de\/wp-content\/uploads\/2016\/07\/DSC5473.jpg?w=2340&amp;ssl=1 2340w, https:\/\/i0.wp.com\/jahrgang-66.de\/wp-content\/uploads\/2016\/07\/DSC5473.jpg?w=3510&amp;ssl=1 3510w\" sizes=\"auto, (max-width: 420px) 100vw, 420px\" data-recalc-dims=\"1\" \/><\/a><p id=\"caption-attachment-692\" class=\"wp-caption-text\">Barock trifft Rock &#8211; Feuchtmeyer trifft Harley Davidson<\/p><\/div>\n<div id=\"attachment_691\" style=\"width: 430px\" class=\"wp-caption alignnone\"><a href=\"https:\/\/i0.wp.com\/jahrgang-66.de\/wp-content\/uploads\/2016\/07\/DSC5394.jpg?ssl=1\"><img loading=\"lazy\" decoding=\"async\" aria-describedby=\"caption-attachment-691\" class=\"wp-image-691 size-thumbnail\" src=\"https:\/\/i0.wp.com\/jahrgang-66.de\/wp-content\/uploads\/2016\/07\/DSC5394.jpg?resize=420%2C279&#038;ssl=1\" width=\"420\" height=\"279\" srcset=\"https:\/\/i0.wp.com\/jahrgang-66.de\/wp-content\/uploads\/2016\/07\/DSC5394.jpg?resize=420%2C279&amp;ssl=1 420w, https:\/\/i0.wp.com\/jahrgang-66.de\/wp-content\/uploads\/2016\/07\/DSC5394.jpg?resize=744%2C494&amp;ssl=1 744w, https:\/\/i0.wp.com\/jahrgang-66.de\/wp-content\/uploads\/2016\/07\/DSC5394.jpg?resize=768%2C510&amp;ssl=1 768w, https:\/\/i0.wp.com\/jahrgang-66.de\/wp-content\/uploads\/2016\/07\/DSC5394.jpg?resize=1200%2C797&amp;ssl=1 1200w, https:\/\/i0.wp.com\/jahrgang-66.de\/wp-content\/uploads\/2016\/07\/DSC5394.jpg?w=2340&amp;ssl=1 2340w, https:\/\/i0.wp.com\/jahrgang-66.de\/wp-content\/uploads\/2016\/07\/DSC5394.jpg?w=3510&amp;ssl=1 3510w\" sizes=\"auto, (max-width: 420px) 100vw, 420px\" data-recalc-dims=\"1\" \/><\/a><p id=\"caption-attachment-691\" class=\"wp-caption-text\">Blick vom Dreifaltigkeitsberg am 18.07.2016<\/p><\/div>\n<p>12.00 Uhr gemeinsames Mittagessen<\/p>\n<h3><strong>Dienstag 19.07.2016<\/strong><\/h3>\n<p>09.00 Uhr Abfahrt mit dem Bus am Busbahnhof Spaichingen zum Jahrgangsausflug mit \u00dcberraschungsziel<\/p>\n<div id=\"attachment_711\" style=\"width: 430px\" class=\"wp-caption alignnone\"><a href=\"https:\/\/i0.wp.com\/jahrgang-66.de\/wp-content\/uploads\/2016\/07\/DSC01784.jpg?ssl=1\"><img loading=\"lazy\" decoding=\"async\" aria-describedby=\"caption-attachment-711\" class=\"wp-image-711 size-thumbnail\" src=\"https:\/\/i0.wp.com\/jahrgang-66.de\/wp-content\/uploads\/2016\/07\/DSC01784.jpg?resize=420%2C280&#038;ssl=1\" alt=\"DSC01784\" width=\"420\" height=\"280\" srcset=\"https:\/\/i0.wp.com\/jahrgang-66.de\/wp-content\/uploads\/2016\/07\/DSC01784.jpg?resize=420%2C280&amp;ssl=1 420w, https:\/\/i0.wp.com\/jahrgang-66.de\/wp-content\/uploads\/2016\/07\/DSC01784.jpg?resize=744%2C495&amp;ssl=1 744w, https:\/\/i0.wp.com\/jahrgang-66.de\/wp-content\/uploads\/2016\/07\/DSC01784.jpg?resize=768%2C511&amp;ssl=1 768w, https:\/\/i0.wp.com\/jahrgang-66.de\/wp-content\/uploads\/2016\/07\/DSC01784.jpg?resize=1200%2C799&amp;ssl=1 1200w, https:\/\/i0.wp.com\/jahrgang-66.de\/wp-content\/uploads\/2016\/07\/DSC01784.jpg?w=2340&amp;ssl=1 2340w, https:\/\/i0.wp.com\/jahrgang-66.de\/wp-content\/uploads\/2016\/07\/DSC01784.jpg?w=3510&amp;ssl=1 3510w\" sizes=\"auto, (max-width: 420px) 100vw, 420px\" data-recalc-dims=\"1\" \/><\/a><p id=\"caption-attachment-711\" class=\"wp-caption-text\">Schwarzwald?<\/p><\/div>\n<p>\u00a0<\/p>\n<div id=\"attachment_712\" style=\"width: 430px\" class=\"wp-caption alignnone\"><a href=\"https:\/\/i0.wp.com\/jahrgang-66.de\/wp-content\/uploads\/2016\/07\/DSC01870.jpg?ssl=1\"><img loading=\"lazy\" decoding=\"async\" aria-describedby=\"caption-attachment-712\" class=\"wp-image-712 size-thumbnail\" src=\"https:\/\/i0.wp.com\/jahrgang-66.de\/wp-content\/uploads\/2016\/07\/DSC01870.jpg?resize=420%2C280&#038;ssl=1\" alt=\"DSC01870\" width=\"420\" height=\"280\" srcset=\"https:\/\/i0.wp.com\/jahrgang-66.de\/wp-content\/uploads\/2016\/07\/DSC01870.jpg?resize=420%2C280&amp;ssl=1 420w, https:\/\/i0.wp.com\/jahrgang-66.de\/wp-content\/uploads\/2016\/07\/DSC01870.jpg?resize=744%2C495&amp;ssl=1 744w, https:\/\/i0.wp.com\/jahrgang-66.de\/wp-content\/uploads\/2016\/07\/DSC01870.jpg?resize=768%2C511&amp;ssl=1 768w, https:\/\/i0.wp.com\/jahrgang-66.de\/wp-content\/uploads\/2016\/07\/DSC01870.jpg?resize=1200%2C799&amp;ssl=1 1200w, https:\/\/i0.wp.com\/jahrgang-66.de\/wp-content\/uploads\/2016\/07\/DSC01870.jpg?w=2340&amp;ssl=1 2340w, https:\/\/i0.wp.com\/jahrgang-66.de\/wp-content\/uploads\/2016\/07\/DSC01870.jpg?w=3510&amp;ssl=1 3510w\" sizes=\"auto, (max-width: 420px) 100vw, 420px\" data-recalc-dims=\"1\" \/><\/a><p id=\"caption-attachment-712\" class=\"wp-caption-text\">Seeschlacht auf dem Mummelsee<\/p><\/div>\n<p>\u00a0<\/p>\n<div id=\"attachment_713\" style=\"width: 430px\" class=\"wp-caption alignnone\"><a href=\"https:\/\/i0.wp.com\/jahrgang-66.de\/wp-content\/uploads\/2016\/07\/DSC01894.jpg?ssl=1\"><img loading=\"lazy\" decoding=\"async\" aria-describedby=\"caption-attachment-713\" class=\"wp-image-713 size-thumbnail\" src=\"https:\/\/i0.wp.com\/jahrgang-66.de\/wp-content\/uploads\/2016\/07\/DSC01894.jpg?resize=420%2C280&#038;ssl=1\" alt=\"DSC01894\" width=\"420\" height=\"280\" srcset=\"https:\/\/i0.wp.com\/jahrgang-66.de\/wp-content\/uploads\/2016\/07\/DSC01894.jpg?resize=420%2C280&amp;ssl=1 420w, https:\/\/i0.wp.com\/jahrgang-66.de\/wp-content\/uploads\/2016\/07\/DSC01894.jpg?resize=744%2C495&amp;ssl=1 744w, https:\/\/i0.wp.com\/jahrgang-66.de\/wp-content\/uploads\/2016\/07\/DSC01894.jpg?resize=768%2C511&amp;ssl=1 768w, https:\/\/i0.wp.com\/jahrgang-66.de\/wp-content\/uploads\/2016\/07\/DSC01894.jpg?resize=1200%2C799&amp;ssl=1 1200w, https:\/\/i0.wp.com\/jahrgang-66.de\/wp-content\/uploads\/2016\/07\/DSC01894.jpg?w=2340&amp;ssl=1 2340w, https:\/\/i0.wp.com\/jahrgang-66.de\/wp-content\/uploads\/2016\/07\/DSC01894.jpg?w=3510&amp;ssl=1 3510w\" sizes=\"auto, (max-width: 420px) 100vw, 420px\" data-recalc-dims=\"1\" \/><\/a><p id=\"caption-attachment-713\" class=\"wp-caption-text\">Auf dem Weg in die Weinberge von Kappelrodeck<\/p><\/div>\n<p>\u00a0<\/p>\n<div id=\"attachment_714\" style=\"width: 430px\" class=\"wp-caption alignnone\"><a href=\"https:\/\/i0.wp.com\/jahrgang-66.de\/wp-content\/uploads\/2016\/07\/DSC01908-1.jpg?ssl=1\"><img loading=\"lazy\" decoding=\"async\" aria-describedby=\"caption-attachment-714\" class=\"wp-image-714 size-thumbnail\" src=\"https:\/\/i0.wp.com\/jahrgang-66.de\/wp-content\/uploads\/2016\/07\/DSC01908-1.jpg?resize=420%2C280&#038;ssl=1\" alt=\"DSC01908\" width=\"420\" height=\"280\" srcset=\"https:\/\/i0.wp.com\/jahrgang-66.de\/wp-content\/uploads\/2016\/07\/DSC01908-1.jpg?resize=420%2C280&amp;ssl=1 420w, https:\/\/i0.wp.com\/jahrgang-66.de\/wp-content\/uploads\/2016\/07\/DSC01908-1.jpg?resize=744%2C495&amp;ssl=1 744w, https:\/\/i0.wp.com\/jahrgang-66.de\/wp-content\/uploads\/2016\/07\/DSC01908-1.jpg?resize=768%2C511&amp;ssl=1 768w, https:\/\/i0.wp.com\/jahrgang-66.de\/wp-content\/uploads\/2016\/07\/DSC01908-1.jpg?resize=1200%2C799&amp;ssl=1 1200w, https:\/\/i0.wp.com\/jahrgang-66.de\/wp-content\/uploads\/2016\/07\/DSC01908-1.jpg?w=2340&amp;ssl=1 2340w, https:\/\/i0.wp.com\/jahrgang-66.de\/wp-content\/uploads\/2016\/07\/DSC01908-1.jpg?w=3510&amp;ssl=1 3510w\" sizes=\"auto, (max-width: 420px) 100vw, 420px\" data-recalc-dims=\"1\" \/><\/a><p id=\"caption-attachment-714\" class=\"wp-caption-text\">Die Sonne brannte &#8230;<\/p><\/div>\n<p>\u00a0<\/p>\n<div id=\"attachment_715\" style=\"width: 430px\" class=\"wp-caption alignnone\"><a href=\"https:\/\/i0.wp.com\/jahrgang-66.de\/wp-content\/uploads\/2016\/07\/DSC01923.jpg?ssl=1\"><img loading=\"lazy\" decoding=\"async\" aria-describedby=\"caption-attachment-715\" class=\"wp-image-715 size-thumbnail\" src=\"https:\/\/i0.wp.com\/jahrgang-66.de\/wp-content\/uploads\/2016\/07\/DSC01923.jpg?resize=420%2C280&#038;ssl=1\" alt=\"DSC01923\" width=\"420\" height=\"280\" srcset=\"https:\/\/i0.wp.com\/jahrgang-66.de\/wp-content\/uploads\/2016\/07\/DSC01923.jpg?resize=420%2C280&amp;ssl=1 420w, https:\/\/i0.wp.com\/jahrgang-66.de\/wp-content\/uploads\/2016\/07\/DSC01923.jpg?resize=744%2C495&amp;ssl=1 744w, https:\/\/i0.wp.com\/jahrgang-66.de\/wp-content\/uploads\/2016\/07\/DSC01923.jpg?resize=768%2C511&amp;ssl=1 768w, https:\/\/i0.wp.com\/jahrgang-66.de\/wp-content\/uploads\/2016\/07\/DSC01923.jpg?resize=1200%2C799&amp;ssl=1 1200w, https:\/\/i0.wp.com\/jahrgang-66.de\/wp-content\/uploads\/2016\/07\/DSC01923.jpg?w=2340&amp;ssl=1 2340w, https:\/\/i0.wp.com\/jahrgang-66.de\/wp-content\/uploads\/2016\/07\/DSC01923.jpg?w=3510&amp;ssl=1 3510w\" sizes=\"auto, (max-width: 420px) 100vw, 420px\" data-recalc-dims=\"1\" \/><\/a><p id=\"caption-attachment-715\" class=\"wp-caption-text\">Hochgeistiges<\/p><\/div>\n<p>\u00a0<\/p>\n<div id=\"attachment_719\" style=\"width: 430px\" class=\"wp-caption alignnone\"><a href=\"https:\/\/i0.wp.com\/jahrgang-66.de\/wp-content\/uploads\/2015\/03\/DSC01918.jpg?ssl=1\"><img loading=\"lazy\" decoding=\"async\" aria-describedby=\"caption-attachment-719\" class=\"wp-image-719 size-thumbnail\" src=\"https:\/\/i0.wp.com\/jahrgang-66.de\/wp-content\/uploads\/2015\/03\/DSC01918.jpg?resize=420%2C280&#038;ssl=1\" alt=\"DSC01918\" width=\"420\" height=\"280\" srcset=\"https:\/\/i0.wp.com\/jahrgang-66.de\/wp-content\/uploads\/2015\/03\/DSC01918.jpg?resize=420%2C280&amp;ssl=1 420w, https:\/\/i0.wp.com\/jahrgang-66.de\/wp-content\/uploads\/2015\/03\/DSC01918.jpg?resize=744%2C495&amp;ssl=1 744w, https:\/\/i0.wp.com\/jahrgang-66.de\/wp-content\/uploads\/2015\/03\/DSC01918.jpg?resize=768%2C511&amp;ssl=1 768w, https:\/\/i0.wp.com\/jahrgang-66.de\/wp-content\/uploads\/2015\/03\/DSC01918.jpg?resize=1200%2C799&amp;ssl=1 1200w, https:\/\/i0.wp.com\/jahrgang-66.de\/wp-content\/uploads\/2015\/03\/DSC01918.jpg?w=2340&amp;ssl=1 2340w, https:\/\/i0.wp.com\/jahrgang-66.de\/wp-content\/uploads\/2015\/03\/DSC01918.jpg?w=3510&amp;ssl=1 3510w\" sizes=\"auto, (max-width: 420px) 100vw, 420px\" data-recalc-dims=\"1\" \/><\/a><p id=\"caption-attachment-719\" class=\"wp-caption-text\">&#8222;Kein Trinkwasser&#8220;<\/p><\/div>\n<p>\u00a0<\/p>\n<div id=\"attachment_720\" style=\"width: 430px\" class=\"wp-caption alignnone\"><a href=\"https:\/\/i0.wp.com\/jahrgang-66.de\/wp-content\/uploads\/2015\/03\/DSC01942.jpg?ssl=1\"><img loading=\"lazy\" decoding=\"async\" aria-describedby=\"caption-attachment-720\" class=\"wp-image-720 size-thumbnail\" src=\"https:\/\/i0.wp.com\/jahrgang-66.de\/wp-content\/uploads\/2015\/03\/DSC01942.jpg?resize=420%2C280&#038;ssl=1\" alt=\"DSC01942\" width=\"420\" height=\"280\" srcset=\"https:\/\/i0.wp.com\/jahrgang-66.de\/wp-content\/uploads\/2015\/03\/DSC01942.jpg?resize=420%2C280&amp;ssl=1 420w, https:\/\/i0.wp.com\/jahrgang-66.de\/wp-content\/uploads\/2015\/03\/DSC01942.jpg?resize=744%2C495&amp;ssl=1 744w, https:\/\/i0.wp.com\/jahrgang-66.de\/wp-content\/uploads\/2015\/03\/DSC01942.jpg?resize=768%2C511&amp;ssl=1 768w, https:\/\/i0.wp.com\/jahrgang-66.de\/wp-content\/uploads\/2015\/03\/DSC01942.jpg?resize=1200%2C799&amp;ssl=1 1200w, https:\/\/i0.wp.com\/jahrgang-66.de\/wp-content\/uploads\/2015\/03\/DSC01942.jpg?w=2340&amp;ssl=1 2340w, https:\/\/i0.wp.com\/jahrgang-66.de\/wp-content\/uploads\/2015\/03\/DSC01942.jpg?w=3510&amp;ssl=1 3510w\" sizes=\"auto, (max-width: 420px) 100vw, 420px\" data-recalc-dims=\"1\" \/><\/a><p id=\"caption-attachment-720\" class=\"wp-caption-text\">Weiter gehts<\/p><\/div>\n<p>\u00a0<\/p>\n<div id=\"attachment_721\" style=\"width: 430px\" class=\"wp-caption alignnone\"><a href=\"https:\/\/i0.wp.com\/jahrgang-66.de\/wp-content\/uploads\/2015\/03\/DSC01973.jpg?ssl=1\"><img loading=\"lazy\" decoding=\"async\" aria-describedby=\"caption-attachment-721\" class=\"wp-image-721 size-thumbnail\" src=\"https:\/\/i0.wp.com\/jahrgang-66.de\/wp-content\/uploads\/2015\/03\/DSC01973.jpg?resize=420%2C280&#038;ssl=1\" alt=\"DSC01973\" width=\"420\" height=\"280\" srcset=\"https:\/\/i0.wp.com\/jahrgang-66.de\/wp-content\/uploads\/2015\/03\/DSC01973.jpg?resize=420%2C280&amp;ssl=1 420w, https:\/\/i0.wp.com\/jahrgang-66.de\/wp-content\/uploads\/2015\/03\/DSC01973.jpg?resize=744%2C495&amp;ssl=1 744w, https:\/\/i0.wp.com\/jahrgang-66.de\/wp-content\/uploads\/2015\/03\/DSC01973.jpg?resize=768%2C511&amp;ssl=1 768w, https:\/\/i0.wp.com\/jahrgang-66.de\/wp-content\/uploads\/2015\/03\/DSC01973.jpg?resize=1200%2C799&amp;ssl=1 1200w, https:\/\/i0.wp.com\/jahrgang-66.de\/wp-content\/uploads\/2015\/03\/DSC01973.jpg?w=2340&amp;ssl=1 2340w, https:\/\/i0.wp.com\/jahrgang-66.de\/wp-content\/uploads\/2015\/03\/DSC01973.jpg?w=3510&amp;ssl=1 3510w\" sizes=\"auto, (max-width: 420px) 100vw, 420px\" data-recalc-dims=\"1\" \/><\/a><p id=\"caption-attachment-721\" class=\"wp-caption-text\">Ziel erreicht<\/p><\/div>\n<p>F\u00fcr Verpflegung und Getr\u00e4nke war &#8211; wie nicht anders zu erwarten &#8211; bestens gesorgt.<\/p>\n<p>22.20 Uhr R\u00fcckkehr nach Spaichingen<br \/>23.10 Uhr Oh jerum, des 50er Fest ist rum.<\/p>\n<div id=\"attachment_683\" style=\"width: 430px\" class=\"wp-caption alignnone\"><a href=\"https:\/\/i0.wp.com\/jahrgang-66.de\/wp-content\/uploads\/2016\/07\/DSC02032.jpg?ssl=1\"><img loading=\"lazy\" decoding=\"async\" aria-describedby=\"caption-attachment-683\" class=\"wp-image-683 size-thumbnail\" src=\"https:\/\/i0.wp.com\/jahrgang-66.de\/wp-content\/uploads\/2016\/07\/DSC02032.jpg?resize=420%2C280&#038;ssl=1\" alt=\"DSC02032\" width=\"420\" height=\"280\" srcset=\"https:\/\/i0.wp.com\/jahrgang-66.de\/wp-content\/uploads\/2016\/07\/DSC02032.jpg?resize=420%2C280&amp;ssl=1 420w, https:\/\/i0.wp.com\/jahrgang-66.de\/wp-content\/uploads\/2016\/07\/DSC02032.jpg?resize=744%2C495&amp;ssl=1 744w, https:\/\/i0.wp.com\/jahrgang-66.de\/wp-content\/uploads\/2016\/07\/DSC02032.jpg?resize=768%2C511&amp;ssl=1 768w, https:\/\/i0.wp.com\/jahrgang-66.de\/wp-content\/uploads\/2016\/07\/DSC02032.jpg?resize=1200%2C799&amp;ssl=1 1200w, https:\/\/i0.wp.com\/jahrgang-66.de\/wp-content\/uploads\/2016\/07\/DSC02032.jpg?w=2340&amp;ssl=1 2340w, https:\/\/i0.wp.com\/jahrgang-66.de\/wp-content\/uploads\/2016\/07\/DSC02032.jpg?w=3510&amp;ssl=1 3510w\" sizes=\"auto, (max-width: 420px) 100vw, 420px\" data-recalc-dims=\"1\" \/><\/a><p id=\"caption-attachment-683\" class=\"wp-caption-text\">Sch\u00f6n wars, die Erinnerungen werden bleiben<\/p><\/div>\n<h3><strong>Das Spaichinger 50er Fest<\/strong><\/h3>\n<ul>\n<li>f\u00e4llt nicht vom Himmel, sondern findet seit 1873, also seit mehr als 140 Jahren in Spaichingen statt;<\/li>\n<li>ist einzigartig, unvergesslich, nicht wiederholbar, kommt nicht zur\u00fcck;<\/li>\n<li>wer es verpa\u00dft, hat es auf Lebenszeit verpa\u00dft;<\/li>\n<li>scheint nur auf den ersten Blick verr\u00fcckt;<\/li>\n<li>bietet die einmalige Chance, \u00fcber 5 Tage hinweg alte Freundschaften und Kontakte aufzufrischen, neue Freundschaften und Kontakte zu schlie\u00dfen;<\/li>\n<li>f\u00fchrt alteingesessene und zugezogene Spaichinger verschiedener Generationen zusammen;<\/li>\n<li>kann schon jetzt im Kalender eingetragen werden;<\/li>\n<li>hat keinen Einflu\u00df auf das \u00c4lterwerden und verhindert keine Falten;<\/li>\n<li>macht einfach richtig riesig Spa\u00df!<\/li>\n<\/ul>\n<p>Wer \u00fcberlegt hatte, ob er bei dieser vermeintlich &#8222;antiquierten Veranstaltung&#8220; \u00fcberhaupt mitmachen soll, ob er nicht zu jung oder zu alt daf\u00fcr ist, hatte hoffentlich rechtzeitig jemanden gefragt, der in den vergangenen Jahren dabei war und dann die richtige Entscheidung getroffen. Und wer sich dazu entschieden hatte, das 50er Fest nicht mit uns zu feiern, muss damit leben. Aber das 60er Fest kommt bestimmt.<\/p>\n<p><strong>Wir jedenfalls haben noch keinen getroffen, der es bereut h\u00e4tte, am Spaichinger 50er Fest teilgenommen zu haben.<\/strong><\/p>\n<p>Und wie lautet doch so sch\u00f6n der letzte Satz in Heinrich Spoerls &#8222;Feuerzangenbowle&#8220;?<\/p>\n<h3><strong> &#8222;Wahr sind auch die Erinnerungen, die wir mit uns tragen; die Tr\u00e4ume, die wir spinnen, und die Sehns\u00fcchte, die uns treiben. Damit wollen wir uns bescheiden.&#8220;<\/strong><\/h3>\n<p>\u00a0<\/p>\n<h3 style=\"text-align: left;\"><strong>Die Festschrift zu unserem <a href=\"https:\/\/jahrgang-66.de\/?page_id=6\" target=\"_blank\" rel=\"noopener noreferrer\">50er Fest<\/a> ist nach wie vor bei unseren <a href=\"mailto:webmaster@jahrgang-66.de\">Webmaster<\/a> zum Kauf erh\u00e4ltlich.<br \/><\/strong><\/h3>\n<h3><strong>Achtung! Immer noch gesucht!<\/strong><\/h3>\n<p><strong>Wer alte Fotos von Aktivit\u00e4ten des Jahrgangs 1966, Klassenfotos oder sonstiges vom Jahrgang 1966 hat, egal ob auf Film, Dia, als Fotoabzug auf Papier oder schon in digitaler Form meldet sich bitte per E-Mail bei Karsten Schmieder <a href=\"mailto:webmaster@jahrgang-66.de\"><span class=\"trimEmail\">webmaster@jahrgang-66.de<\/span><\/a><\/strong><\/p>\n<p>\u00a0<\/p>\n\n\n<p><a href=\"https:\/\/jahrgang-66.de\/?page_id=28\">Seite ansehen<\/a><\/p>\n","protected":false},"excerpt":{"rendered":"<p class=\"excerpt\">Born in SIXTY SIX, uns bremst nix! \u00a0 lautete unser Motto f\u00fcr unser Spaichinger 50er Fest vom 15. &#8211; 19. Juli 2016, an das wir gerne zur\u00fcckdenken. Alle Jahrg\u00e4ngerinnen und Jahrg\u00e4nger, egal ob 1966 in Spaichingen geboren, aufgewachsen, hiergeblieben, weggezogen und sp\u00e4ter wieder hergezogen oder reingschmeckt (Hochdeutsch: zugezogen, Neusprech: mit Migrationshintergrund), waren aufgerufen und eingeladen worden, mitzumachen und &#8211; wie&hellip;<\/p>\n<p class=\"more-link-p\"><a class=\"btn btn-default\" href=\"https:\/\/jahrgang-66.de\/?page_id=6\">Read more<\/a><\/p>\n","protected":false},"author":1,"featured_media":0,"parent":0,"menu_order":0,"comment_status":"closed","ping_status":"open","template":"","meta":{"ngg_post_thumbnail":0,"footnotes":""},"class_list":["post-6","page","type-page","status-publish","hentry"],"_links":{"self":[{"href":"https:\/\/jahrgang-66.de\/index.php?rest_route=\/wp\/v2\/pages\/6","targetHints":{"allow":["GET"]}}],"collection":[{"href":"https:\/\/jahrgang-66.de\/index.php?rest_route=\/wp\/v2\/pages"}],"about":[{"href":"https:\/\/jahrgang-66.de\/index.php?rest_route=\/wp\/v2\/types\/page"}],"author":[{"embeddable":true,"href":"https:\/\/jahrgang-66.de\/index.php?rest_route=\/wp\/v2\/users\/1"}],"replies":[{"embeddable":true,"href":"https:\/\/jahrgang-66.de\/index.php?rest_route=%2Fwp%2Fv2%2Fcomments&post=6"}],"version-history":[{"count":134,"href":"https:\/\/jahrgang-66.de\/index.php?rest_route=\/wp\/v2\/pages\/6\/revisions"}],"predecessor-version":[{"id":1115,"href":"https:\/\/jahrgang-66.de\/index.php?rest_route=\/wp\/v2\/pages\/6\/revisions\/1115"}],"wp:attachment":[{"href":"https:\/\/jahrgang-66.de\/index.php?rest_route=%2Fwp%2Fv2%2Fmedia&parent=6"}],"curies":[{"name":"wp","href":"https:\/\/api.w.org\/{rel}","templated":true}]}}